{"id":4375,"date":"2022-11-22T16:56:37","date_gmt":"2022-11-22T15:56:37","guid":{"rendered":"https:\/\/www.sg-imfa.com\/?post_type=tribe_events&#038;p=4375"},"modified":"2023-05-08T09:45:29","modified_gmt":"2023-05-08T07:45:29","slug":"piano-prof-patrick-obyrne-university-of-the-arts-bremen","status":"publish","type":"tribe_events","link":"https:\/\/www.sg-imfa.com\/de\/events\/piano-prof-patrick-obyrne-university-of-the-arts-bremen\/","title":{"rendered":"KLAVIER &#8211; Prof. Patrick O&#8217;Byrne (Hochschule f\u00fcr K\u00fcnste Bremen)"},"content":{"rendered":"<p><\/p>\n<div id=\"random-tab-id-487\" class=\"tabs-shortcode  tabs-shortcode-top\">\n<ul class=\"tabs-shortcode-list\">\n<li  ><a href=\"#Dozent-8\" >Dozent<\/a><\/li>\n<li  ><a href=\"#Daten-9\" >Daten<\/a><\/li>\n<li  ><a href=\"#Kursbeschreibung-10\" >Kursbeschreibung<\/a><\/li>\n<li  ><a href=\"#Unterbringung-11\" >Unterbringung<\/a><\/li>\n<li  ><a href=\"#Anmeldung-12\" >Anmeldung<\/a><\/li>\n<li  ><a href=\"#Kosten-13\" >Kosten<\/a><\/li>\n<li  ><a href=\"#Chinesisch-14\" >Chinesisch<\/a><\/li>\n<li  ><a href=\"#Koreanisch-15\" >Koreanisch<\/a><\/li>\n<\/ul>\n<div id=\"Dozent-8\"  >\n<p><strong>Dozent:&nbsp;<\/strong><\/p>\n<figure id=\"attachment_4376\" aria-describedby=\"caption-attachment-4376\" style=\"width: 300px\" class=\"wp-caption alignleft\"><a href=\"https:\/\/www.sg-imfa.com\/wp-content\/uploads\/2022\/11\/Patrick-OByrne_-Foto-Artem-Yasynskyy-scaled.jpg\"><img loading=\"lazy\" decoding=\"async\" class=\"size-medium wp-image-4376\" src=\"https:\/\/www.sg-imfa.com\/wp-content\/uploads\/2022\/11\/Patrick-OByrne_-Foto-Artem-Yasynskyy-300x186.jpg\" alt=\"\" width=\"300\" height=\"186\" srcset=\"https:\/\/www.sg-imfa.com\/wp-content\/uploads\/2022\/11\/Patrick-OByrne_-Foto-Artem-Yasynskyy-300x186.jpg 300w, https:\/\/www.sg-imfa.com\/wp-content\/uploads\/2022\/11\/Patrick-OByrne_-Foto-Artem-Yasynskyy-1024x635.jpg 1024w, https:\/\/www.sg-imfa.com\/wp-content\/uploads\/2022\/11\/Patrick-OByrne_-Foto-Artem-Yasynskyy-768x476.jpg 768w, https:\/\/www.sg-imfa.com\/wp-content\/uploads\/2022\/11\/Patrick-OByrne_-Foto-Artem-Yasynskyy-1536x953.jpg 1536w, https:\/\/www.sg-imfa.com\/wp-content\/uploads\/2022\/11\/Patrick-OByrne_-Foto-Artem-Yasynskyy-2048x1271.jpg 2048w\" sizes=\"auto, (max-width: 300px) 100vw, 300px\" \/><\/a><figcaption id=\"caption-attachment-4376\" class=\"wp-caption-text\">\u00a9 Artem Yasynskyy<\/figcaption><\/figure>\n<p style=\"text-align: justify;\">Der in Dublin geborene Pianist <a href=\"https:\/\/www.hfk-bremen.de\/en\/profiles\/n\/patrick-obyrne\"><strong>Patrick O&#8217;Byrne<\/strong><\/a> wuchs in Neuseeland auf. 1985 trat er eine Professor an der Staatlichen Hochschule f\u00fcr Musik und Darstellende Kunst Stuttart an. Es folgte 2004 ein Ruf an die Hochschule f\u00fcr K\u00fcnste Bremen. Bedeutende Wettbewerbserfolge f\u00fchrten zu Auftritten in aller Welt. Als Solist konzertierte er mit Orchestern wie dem New Zealand Symphony Orchestra, den Bochumer Sinfonikern, den New York Virtuosi und der Deutschen Kammerphilharmonie unter der Leitung namhafter Dirigenten wie Sir Charles Groves, Franz-Paul Decker und Albert Rosen. Sein Repertoire umfasst s\u00e4mtliche Stilrichtungen. International fanden seine Interpretationen franz\u00f6sischer, spanischer und zeitgen\u00f6ssischer Musik besondere Anerkennung.<\/p>\n<p style=\"font-weight: 400;\">\ud30c \ud2b8 \ub9ad \uc624 \ubc88 &#8211; Patrick O \u2019B yrne<\/p>\n<p style=\"font-weight: 400;\">Biography<br \/>\n\ub354\ube14\ub9b0 \ud0dc\uc0dd \ub274\uc9c8\ub79c\ub4dc \uc624\ud074\ub79c\ub4dc \ub300\ud559\uc878\uc5c5<br \/>\n\ud038 \uc5d8\ub9ac\uc790\ubca0\uc2a4 2\uc138 \uc608\uc220 \uc7a5\ud559\uae08, \uc601\uad6d \ub7f0\ub358\uacfc \ud30c\ub9ac, \uad6d\ub9bd \ud504\ub77c\uc774\ubd80\ub974\ud06c \ub300\ud559\uc878\uc5c5<br \/>\n(\ub3c5\uc77c DAAD \uc7a5\ud559\uae08)<br \/>\nRosa Sabater, Alicia de Larrocha, Kendall Taylor, Vlado Perlemuter\uc0ac\uc0ac<\/p>\n<p style=\"font-weight: 400;\">\n1978\ub144 \ub274\uc9c8\ub79c\ub4dc \uc74c\uc545\ub300\uc0c1, \ub3d9\uacbd \uad6d\uc81c \ucf69\ucfe8, \uc2a4\ud398\uc778 Ja\u00e9n \ucf69\ucfe8,<br \/>\n\uc601\uad6d Dudley \ucf69\ucfe8, \ub9c8\uc694\ub974\uce74 \ucf69\ucfe8 \uc785\uc0c1,1983\ub144 Jos\u00e9 Iturbi \uad6d\uc81c \ucf69\ucfe8 \ub300\uc0c1.<br \/>\n\uc2a4\ud398\uc778 \uc74c\uc545\ub300\uc0c1, \uad6d\uc81c\ube44\ud3c9\uac00\uc0c1<\/p>\n<p style=\"font-weight: 400;\">\nNew York Virtuosi, Bochumer Sinfoniker, New Zealand Symphony&nbsp;Orchestra, Auckland Philharmonia, RTE Symphony Orchestra,&nbsp;KBS Symphony Orchestra \ub4f1 \uc720\uba85\uc624\ucf00\uc2a4\ud2b8\ub77c\uc640 \ud611\uc5f0 \ubc0f TV \ubc0f \ub77c\ub514\uc624 \ub179\uc74c \ucd9c\uc5f0.<\/p>\n<p style=\"font-weight: 400;\">\n\ub3c5\uc77c \uad6d\ub9bd \uc288\ud22c\ud2b8\uac00\ub974\ud2b8 \uc74c\ub300 \uad50\uc218 \ubc0f \ubd80\ud559\uc7a5 \uc5ed\uc784.<br \/>\n\ube0c\ub808\ub9e8 \uad6d\ub9bd\uc74c\ub300 \uad50\uc218 \ubc0f \ud559\uc7a5 \uc5ed\uc784<\/p>\n<p style=\"font-weight: 400;\">\uadf8\uc758 \ud53c\uc544\ub178 \ud14c\ud06c\ub2c9\uacfc \ud574\uc11d\uc740 \ub9ce\uc740 \uad6d\uc81c \ucf69\ucfe8 \ubc0f \uc720\uba85 \ub9c8\uc2a4\ud130\ud074\ub798\uc2a4\uc5d0\uc11c \ud0c1\uc6d4\ud55c \uad50\uc218<br \/>\n\ubc95\uacfc \ud574\uc11d\uc73c\ub85c \uc815\ud3c9\uc774 \ub098 \uc788\uc73c\uba70, \ud6cc\ub96d\ud55c \uc81c\uc790\ub4e4\uc744 \ud0a4\uc6cc\ub0b4\uace0 \uc788\ub2e4.<\/p>\n<\/div>\n<div id=\"Daten-9\"  >\n<p><strong>Daten:&nbsp;<\/strong><\/p>\n<p><em>Ankunft<\/em>: Donnerstag, 1. Juni 2023, bis 14 Uhr<br \/>\n<em>Abschlusskonzert<\/em>: Sonntag, 4. Juni 2023, 17 Uhr<br \/>\n<em>Abreise<\/em>: Montag, 5. Juni 2023, nach 14 Uhr<\/p>\n<\/div>\n<div id=\"Kursbeschreibung-10\"  >\n<p><strong>Kursbeschreibung:<\/strong><\/p>\n<p>Vorbereitung f\u00fcr Pr\u00fcfungen, Konzerte und Wettbewerbe<\/p>\n<p><strong>Repertoire:<\/strong><\/p>\n<p>Klavierliteratur aller Epochen: Von Barock, \u00fcber die Klassik und die Romantik bis zur zeitgen\u00f6ssischen Musik;<br \/>\nSolo, Duo und vierh\u00e4ndig<\/p>\n<\/div>\n<div id=\"Unterbringung-11\"  >\n<p><strong>Unterbringung:<\/strong><\/p>\n<p><a href=\"https:\/\/www.sg-imfa.com\/wp-content\/uploads\/2022\/05\/IMG_5622-scaled.jpg\"><img loading=\"lazy\" decoding=\"async\" class=\"size-medium wp-image-4327 alignleft\" src=\"https:\/\/www.sg-imfa.com\/wp-content\/uploads\/2022\/05\/IMG_5622-225x300.jpg\" alt=\"\" width=\"225\" height=\"300\" srcset=\"https:\/\/www.sg-imfa.com\/wp-content\/uploads\/2022\/05\/IMG_5622-225x300.jpg 225w, https:\/\/www.sg-imfa.com\/wp-content\/uploads\/2022\/05\/IMG_5622-768x1024.jpg 768w, https:\/\/www.sg-imfa.com\/wp-content\/uploads\/2022\/05\/IMG_5622-1152x1536.jpg 1152w, https:\/\/www.sg-imfa.com\/wp-content\/uploads\/2022\/05\/IMG_5622-1536x2048.jpg 1536w, https:\/\/www.sg-imfa.com\/wp-content\/uploads\/2022\/05\/IMG_5622-scaled.jpg 1920w\" sizes=\"auto, (max-width: 225px) 100vw, 225px\" \/><\/a><\/p>\n<p style=\"text-align: justify;\">Die Teilnehmerinnen und Teilnehmer werden in der Akademie, einer wundersch\u00f6n am Rhein gelegenen und vollst\u00e4ndig auf die Bed\u00fcrfnisse einer Akademie eingerichteten Villa untergebracht.<\/p>\n<p><strong>Verpflegung: <\/strong><\/p>\n<p style=\"text-align: justify;\">Es steht eine K\u00fcche zur Selbstversorgung zur Verf\u00fcgung! In einem Supermarkt in der N\u00e4he k\u00f6nnen Lebensmittel gekauft werden. Es wird zu einem gemeinsamen Einkauf geraten. Gekocht werden kann dann aus der Gruppe jeden Tag ein anderes Team.<\/p>\n<p><strong>Zimmer:<\/strong><\/p>\n<p style=\"text-align: justify;\">Im Geiste der Romantik findet bei den Kursen der Internationalen Musikakademie Sankt Goar alles unter einem Dach statt: Leben, Lernen, Essen und Schlafen. Daher werden die Teilnehmerinnen und Teilnehmer im Geb\u00e4ude der Musikakademie untergebracht.<\/p>\n<\/div>\n<div id=\"Anmeldung-12\"  >\n<p><strong>Anmeldung:<\/strong><\/p>\n<p>Um sich anzumelden, m\u00fcssen Sie entweder:<\/p>\n<p>(a) von Prof. O&#8217;Byrne empfohlen werden, oder<\/p>\n<p>(b) ein unbearbeitetes Video (z.B. mittels eines YouTube-Links) \u00fcbermitteln.<\/p>\n<p>Dar\u00fcber hinaus m\u00fcssen Sie das <a href=\"https:\/\/www.sg-imfa.com\/de\/academy\/apply\/apply-masterclasses\/\"><span style=\"color: #ff0000;\"><strong>Anmeldeformular<\/strong><\/span><\/a> online ausf\u00fcllen, dieses abschicken und die Bearbeitungsgeb\u00fchr von \u20ac40,- bezahlen.<\/p>\n<p><strong>Anmeldeschluss: 22. Mai 2022<\/strong><\/p>\n<\/div>\n<div id=\"Kosten-13\"  >\n<p><strong>Kosten:<\/strong><\/p>\n<p>Kursgeb\u00fchr (inkl. Unterbringung): \u20ac520,-<\/p>\n<\/div>\n<div id=\"Chinesisch-14\"  >\n<div>\u5e15\u7279\u91cc\u514b\u00b7\u5965\u6bd4\u6069 (Patrick O&#8217;Byrne\uff09\u51fa\u751f\u4e8e\u90fd\u67cf\u6797 \u6bd5\u4e1a\u4e8e\u65b0\u897f\u5170\u5965\u514b\u5170\u5927\u5b66<\/div>\n<div>\n<p>\u66fe\u83b7\u4f0a\u4e3d\u838e\u767d\u5973\u738b\u4e8c\u4e16\u827a\u672f\u5956\u5b66\u91d1\uff0c\u82f1\u56fd\u4f26\u6566\u548c\u5df4\u9ece\u6bd5\u4e1a\u4e8e\u5f17\u83b1\u5821\u56fd\u7acb\u5927\u5b66 (\u5fb7\u56fdDAAD\u5956\u5b66\u91d1)\u3002 \u66fe\u4e0e Janetta McStay\u3001Rosa Sabater\u3001Alicia de Larrocha\u3001Kendall Taylor\u3001Vlado Perlemuter\u7b49\u4eba \u4e00\u8d77\u5b66\u4e60\u3002<\/p>\n<p>\u66fe\u83b7\uff08\u4e2a\u4eba\u8363\u8a89\u7ecf\u5386\uff09\uff1a 1978 \u65b0\u897f\u5170\u97f3\u4e50\u5956\uff0c\u4e1c\u4eac\u56fd\u9645\u6bd4\u8d5b\uff0c\u897f\u73ed\u7259\u54c8\u6069\u6bd4\u8d5b\uff0c<br \/>\n1983\u5e74\u82f1\u56fd\u8fbe\u5fb7\u5229\u6bd4\u8d5b\u5927\u5956\u3001\u9a6c\u7565\u5361\u5c9b\u6bd4\u8d5b\u5927\u5956\u3001\u4f55\u585e\u00b7\u4f0a\u56fe\u5c14\u6bd4\u56fd\u9645\u6bd4\u8d5b\u5927\u5956\u3001 \u897f\u73ed\u7259\u97f3\u4e50\u5956\u3001\u56fd\u9645\u8bc4\u8bba\u5bb6\u5956\u3002<\/p>\n<p>\u66fe\u4e0e\u7ebd\u7ea6Virtuosi\u3001\u6ce2\u9e3f\u4ea4\u54cd\u4e50\u56e2\u3001\u5fb7\u56fd\u5ba4\u5185\u7231\u4e50\u4e50\u56e2\u3001\u65b0\u897f\u5170\u4ea4\u54cd\u4e50\u56e2\u3001\u5965\u514b\u5170\u7231\u4e50\u4e50\u56e2\u3001RTE\u4ea4\u54cd\u4e50\u56e2\u3001KBS\u4ea4\u54cd\u4e50\u56e2\u7b49\u8457\u540d\u4e50\u56e2\u5408\u4f5c\uff0c\u5e76\u51fa\u73b0\u5728\u7535\u89c6\u548c\u5e7f\u64ad\u5531\u7247\u4e2d\u3002<\/p>\n<p>\u5f55\u5236\u5e76\u53d1\u884c\u4e86\u591a\u5f20\u5ba4\u5185\u4e50CD\uff0c\u5305\u62ec\u62c9\u5a01\u5c14\u6240\u6709\u6b4c\u66f2\u3001Granados (Goyescas) \u548c\u83ab\u624e\u7279\u94a2\u7434\u534f\u594f\u66f2\u3002<br \/>\n\u66fe\u4e8e\u5fb7\u56fd\u65af\u56fe\u52a0\u7279\u97f3\u4e50\u5927\u5b66\u62c5\u4efb\u6559\u6388\u517c\u526f\u6821\u957f\u3002<br \/>\n\u4e8e\u5fb7\u56fd\u4e0d\u6765\u6885\u56fd\u7acb\u97f3\u4e50\u5927\u5b66\u62c5\u4efb\u6559\u6388\u517c\u9662\u957f\u3002<\/p>\n<p>\u4ed6\u7684\u94a2\u7434\u6280\u6cd5\u548c\u7406\u89e3\u5728\u8bb8\u591a\u56fd\u9645\u6bd4\u8d5b\u548c\u8457\u540d\u5927\u5e08\u73ed\uff08\u7f8e\u56fd\u3001\u65e5\u672c\u3001\u5df4\u897f\u3001\u610f\u5927\u5229\u3001\u4e2d\u56fd\u3001\u97e9\u56fd\u7b49\u56fd\u5bb6\uff09\u4e2d\u4ee5\u51fa\u8272\u7684\u6559\u5b66\u65b9\u6cd5\u548c\u89e3\u8bf4\u800c\u51fa\u540d\uff0c\u57f9\u517b\u51fa\u4e86\u5927\u6279\u4f18\u79c0\u7684\u5b66\u751f\u3002<\/p>\n<\/div>\n<\/div>\n<div id=\"Koreanisch-15\"  >\n<p><a href=\"https:\/\/www.sg-imfa.com\/wp-content\/uploads\/2022\/11\/SGIMFA_MK-OByrne_Koreanisch.jpg\"><img loading=\"lazy\" decoding=\"async\" class=\"alignnone size-medium wp-image-4458\" src=\"https:\/\/www.sg-imfa.com\/wp-content\/uploads\/2022\/11\/SGIMFA_MK-OByrne_Koreanisch-169x300.jpg\" alt=\"\" width=\"169\" height=\"300\" srcset=\"https:\/\/www.sg-imfa.com\/wp-content\/uploads\/2022\/11\/SGIMFA_MK-OByrne_Koreanisch-169x300.jpg 169w, https:\/\/www.sg-imfa.com\/wp-content\/uploads\/2022\/11\/SGIMFA_MK-OByrne_Koreanisch.jpg 540w\" sizes=\"auto, (max-width: 169px) 100vw, 169px\" \/><\/a><\/p>\n<\/div>\n<\/div>\n\n<p><\/p>","protected":false},"excerpt":{"rendered":"","protected":false},"author":53,"featured_media":4422,"template":"","meta":{"_exactmetrics_skip_tracking":false,"ngg_post_thumbnail":0,"_tribe_events_status":"","_tribe_events_status_reason":"","_tribe_events_is_hybrid":"","_tribe_events_is_virtual":"","_tribe_events_virtual_video_source":"","_tribe_events_virtual_embed_video":"","_tribe_events_virtual_linked_button_text":"","_tribe_events_virtual_linked_button":"","_tribe_events_virtual_show_embed_at":"","_tribe_events_virtual_show_embed_to":[],"_tribe_events_virtual_show_on_event":"","_tribe_events_virtual_show_on_views":"","_tribe_events_virtual_url":"","footnotes":""},"tags":[109,98,64,54,108,55,56,110,107,106,100,101],"tribe_events_cat":[45,21,39],"class_list":["post-4375","tribe_events","type-tribe_events","status-publish","has-post-thumbnail","hentry","tag-class","tag-classical","tag-goar","tag-klavier","tag-master","tag-masterclass","tag-meisterkurs","tag-musikakademie","tag-obyrne","tag-patrick","tag-sankt","tag-st","tribe_events_cat-academy","tribe_events_cat-instrumental-masterclasses","tribe_events_cat-piano","cat_academy","cat_instrumental-masterclasses","cat_piano"],"_links":{"self":[{"href":"https:\/\/www.sg-imfa.com\/de\/wp-json\/wp\/v2\/tribe_events\/4375","targetHints":{"allow":["GET"]}}],"collection":[{"href":"https:\/\/www.sg-imfa.com\/de\/wp-json\/wp\/v2\/tribe_events"}],"about":[{"href":"https:\/\/www.sg-imfa.com\/de\/wp-json\/wp\/v2\/types\/tribe_events"}],"author":[{"embeddable":true,"href":"https:\/\/www.sg-imfa.com\/de\/wp-json\/wp\/v2\/users\/53"}],"version-history":[{"count":5,"href":"https:\/\/www.sg-imfa.com\/de\/wp-json\/wp\/v2\/tribe_events\/4375\/revisions"}],"predecessor-version":[{"id":4603,"href":"https:\/\/www.sg-imfa.com\/de\/wp-json\/wp\/v2\/tribe_events\/4375\/revisions\/4603"}],"wp:featuredmedia":[{"embeddable":true,"href":"https:\/\/www.sg-imfa.com\/de\/wp-json\/wp\/v2\/media\/4422"}],"wp:attachment":[{"href":"https:\/\/www.sg-imfa.com\/de\/wp-json\/wp\/v2\/media?parent=4375"}],"wp:term":[{"taxonomy":"post_tag","embeddable":true,"href":"https:\/\/www.sg-imfa.com\/de\/wp-json\/wp\/v2\/tags?post=4375"},{"taxonomy":"tribe_events_cat","embeddable":true,"href":"https:\/\/www.sg-imfa.com\/de\/wp-json\/wp\/v2\/tribe_events_cat?post=4375"}],"curies":[{"name":"wp","href":"https:\/\/api.w.org\/{rel}","templated":true}]}}